{"id":4998,"date":"2023-04-13T13:00:27","date_gmt":"2023-04-13T13:00:27","guid":{"rendered":"https:\/\/electoralsupportprogramme.mk\/?post_type=nyevents&#038;p=4998"},"modified":"2023-05-04T13:33:00","modified_gmt":"2023-05-04T13:33:00","slug":"%d1%81%d1%82%d1%83%d0%b4%d0%b8%d1%81%d0%ba%d0%b0-%d0%bf%d0%be%d1%81%d0%b5%d1%82%d0%b0-%d0%bd%d0%b0-%d0%b0%d1%98%d0%bf-%d0%b2%d0%be-%d0%b7%d0%b0%d0%b3%d1%80%d0%b5%d0%b1-%d1%80%d0%b5%d0%bf%d1%83%d0%b1","status":"publish","type":"nyevents","link":"https:\/\/electoralsupportprogramme.mk\/sq\/nyevents\/%d1%81%d1%82%d1%83%d0%b4%d0%b8%d1%81%d0%ba%d0%b0-%d0%bf%d0%be%d1%81%d0%b5%d1%82%d0%b0-%d0%bd%d0%b0-%d0%b0%d1%98%d0%bf-%d0%b2%d0%be-%d0%b7%d0%b0%d0%b3%d1%80%d0%b5%d0%b1-%d1%80%d0%b5%d0%bf%d1%83%d0%b1\/","title":{"rendered":"Vizit\u00eb studimore e APP-s\u00eb n\u00eb Zagreb, Republika e Kroacis\u00eb"},"content":{"rendered":"<p>Pjes\u00ebmarr\u00ebsit e t\u00eb tre gjeneratave t\u00eb Akademis\u00eb p\u00ebr Politika Publike (APP) do t\u00eb jen\u00eb pjes\u00eb e vizit\u00ebs studimore q\u00eb do t\u00eb zhvillohet n\u00eb Zagreb, Republika e Kroacis\u00eb m\u00eb 7 \u2013 12 maj 2023.<\/p>\n<p>Vizita studimore ka p\u00ebr q\u00ebllim njohjen e pjes\u00ebmarr\u00ebsve t\u00eb APP-s\u00eb me m\u00ebnyrat e ndryshme politike dhe institucionale t\u00eb funksionimit t\u00eb sistemeve politike. P\u00ebrve\u00e7 vizit\u00ebs n\u00eb institucione t\u00eb shumta dhe takimeve me homolog\u00ebt e tyre n\u00eb Kroaci, aktiviteti do t\u00eb kontribuoj\u00eb n\u00eb forcimin e lidhjeve nd\u00ebrmjet pjes\u00ebmarr\u00ebsve dhe zgjerimin e m\u00ebtejsh\u00ebm t\u00eb njohurive dhe p\u00ebrvoj\u00ebs s\u00eb tyre.<\/p>\n<p>Disa nga aktivitetet e parashikuara gjat\u00eb vizit\u00ebs studimore jan\u00eb:<\/p>\n<p>&#8211; Konferenc\u00eb nj\u00ebditore e Alumni-ve nd\u00ebrmjet Akademis\u00eb p\u00ebr Politika Publike (APP) dhe Akademis\u00eb p\u00ebr Zhvillim Politik \u2013 Kroaci. Gjat\u00eb konferenc\u00ebs pjes\u00ebmarr\u00ebsit do t\u00eb ken\u00eb mund\u00ebsin\u00eb t\u00eb m\u00ebsojn\u00eb m\u00eb shum\u00eb p\u00ebr pjes\u00ebmarrjen politike, politik\u00ebn partiake dhe zhvillimin e politikave publike n\u00eb Evrop\u00ebn Juglindore, nga politikan\u00eb aktual\u00eb dhe t\u00eb m\u00ebparsh\u00ebm, si dhe t\u00eb shk\u00ebmbejn\u00eb p\u00ebrvoja mes dy Akademive.<\/p>\n<p>&#8211; Vizit\u00eb n\u00eb zyr\u00ebn e Presidentit, ku pjes\u00ebmarr\u00ebsit do t\u00eb priten nga Sh.T. Zoran Millanoviq, President i Republik\u00ebs s\u00eb Kroacis\u00eb;<\/p>\n<p>&#8211; Vizit\u00eb n\u00eb zyr\u00ebn e kryetarit t\u00eb Zagrebit, ku pjes\u00ebmarr\u00ebsit do t\u00eb priten nga z. Tomislav Tomasheviq, Kryetar i qytetit t\u00eb Zagrebit;<\/p>\n<p>&#8211; Vizit\u00eb n\u00eb Parlamentin e Republik\u00ebs s\u00eb Kroacis\u00eb;<\/p>\n<p>&#8211; Vizita n\u00eb partit\u00eb m\u00eb t\u00eb m\u00ebdha politike, si HDZ, SDP, MOST, etj.;<\/p>\n<p>&#8211; Vizita n\u00eb disa OShC si dhe n\u00eb vende kulturore dhe historike n\u00eb Zagreb.<\/p>","protected":false},"featured_media":0,"template":"","event_category":[10,241],"class_list":["post-4998","nyevents","type-nyevents","status-publish","hentry","event_category-public-policy-academy","event_category-political-parties"],"acf":[],"_links":{"self":[{"href":"https:\/\/electoralsupportprogramme.mk\/sq\/wp-json\/wp\/v2\/nyevents\/4998"}],"collection":[{"href":"https:\/\/electoralsupportprogramme.mk\/sq\/wp-json\/wp\/v2\/nyevents"}],"about":[{"href":"https:\/\/electoralsupportprogramme.mk\/sq\/wp-json\/wp\/v2\/types\/nyevents"}],"wp:attachment":[{"href":"https:\/\/electoralsupportprogramme.mk\/sq\/wp-json\/wp\/v2\/media?parent=4998"}],"wp:term":[{"taxonomy":"event_category","embeddable":true,"href":"https:\/\/electoralsupportprogramme.mk\/sq\/wp-json\/wp\/v2\/event_category?post=4998"}],"curies":[{"name":"wp","href":"https:\/\/api.w.org\/{rel}","templated":true}]}}