{"id":2338,"date":"2021-11-10T09:15:47","date_gmt":"2021-11-10T09:15:47","guid":{"rendered":"https:\/\/electoralsupportprogramme.mk\/?post_type=nyevents&#038;p=2338"},"modified":"2021-11-30T13:57:54","modified_gmt":"2021-11-30T13:57:54","slug":"%d0%b4%d0%b8%d1%81%d0%ba%d1%83%d1%81%d0%b8%d1%98%d0%b0-%d1%81%d1%82%d1%80%d0%b0%d0%bd%d1%81%d0%ba%d0%b8-%d0%b4%d0%b8%d1%80%d0%b5%d0%ba%d1%82%d0%bd%d0%b8-%d0%b8%d0%bd%d0%b2%d0%b5%d1%81%d1%82","status":"publish","type":"nyevents","link":"https:\/\/electoralsupportprogramme.mk\/sq\/nyevents\/%d0%b4%d0%b8%d1%81%d0%ba%d1%83%d1%81%d0%b8%d1%98%d0%b0-%d1%81%d1%82%d1%80%d0%b0%d0%bd%d1%81%d0%ba%d0%b8-%d0%b4%d0%b8%d1%80%d0%b5%d0%ba%d1%82%d0%bd%d0%b8-%d0%b8%d0%bd%d0%b2%d0%b5%d1%81%d1%82\/","title":{"rendered":"Diskutim: &#8220;Investimet e huaja direkte n\u00eb Maqedoni: \u00ebnd\u00ebrr apo realitet?&#8221;"},"content":{"rendered":"<p>N\u00eb kuad\u00ebr t\u00eb Iniciativ\u00ebs inovative &#8220;Investime t\u00eb huaja direkte n\u00eb Maqedoni: \u00ebnd\u00ebrr apo realitet?&#8221;, mobilizatori i komunitetit Filip Ivanovski organizon nj\u00eb ngjarje publike (diskutim) i cili do t\u00eb mbahet m\u00eb 1.12.2021 n\u00eb kafenen\u00eb Woodstock.<\/p>\n<p>Ngjarja ka p\u00ebr q\u00ebllim t\u00eb nxis\u00eb diskutim mbi r\u00ebnd\u00ebsin\u00eb e Investimeve t\u00eb Huaja Direkte (IHD) p\u00ebr shoq\u00ebrin\u00eb, do t\u00eb analizoj\u00eb marr\u00ebdh\u00ebniet nd\u00ebrmjet IHD-ve dhe tregtis\u00eb, do t\u00eb paraqes\u00eb nj\u00eb analiz\u00eb krahasuese t\u00eb IHD-ve p\u00ebr Ballkanin Per\u00ebndimor dhe do t\u00eb diskutoj\u00eb sigurin\u00eb si nj\u00eb faktor ky\u00e7 n\u00eb t\u00ebrheqjen e IHD-ve t\u00eb reja. Do t\u00eb prezantohen rezultatet e anket\u00ebs p\u00ebr vet\u00ebdijen e publikut p\u00ebr IHD-t\u00eb n\u00eb Maqedoni, t\u00eb realizuar n\u00eb muajin gusht nga mbart\u00ebsi i k\u00ebsaj iniciative Filip Ivanovski.<\/p>\n<p>Pas diskutimit, t\u00eb pranishmit do t\u00eb ken\u00eb mund\u00ebsin\u00eb ta vazhdojn\u00eb diskutimin n\u00eb nj\u00eb koktel joformal.<\/p>\n<p>Do t\u00eb ishim t\u00eb nderuar n\u00ebse vini dhe merrni pjes\u00eb aktive n\u00eb diskutim!<\/p>\n<p>P\u00ebr ata q\u00eb duan t\u00eb jen\u00eb pjes\u00eb, por nuk kan\u00eb mund\u00ebsi t\u00eb udh\u00ebtojn\u00eb n\u00eb Shkup, mund t\u00eb p\u00ebrfshihen dhe t\u00eb ndjekin ngjarjen p\u00ebrmes transmetimit live n\u00eb Facebook. M\u00eb shum\u00eb informacione rreth transmetimit t\u00eb drejtp\u00ebrdrejt\u00eb do t\u00eb njoftohen disa dit\u00eb para eventit.<\/p>\n<p>Fol\u00ebsit:<\/p>\n<ol>\n<li>Filip Ivanovski &#8211; Mobilizator i komunitetit q\u00eb monitoron Qeverin\u00eb n\u00eb aspektin e t\u00ebrheqjes s\u00eb investimeve t\u00eb huaja direkte n\u00eb Maqedoni<\/li>\n<li>David Saltamarski &#8211; doktorant i shkencave ekonomike n\u00eb Universitetin &#8220;Kliment Ohridski&#8221; Manastir, ka ndjekur studimet master n\u00eb Universitetin Charles n\u00eb Prag\u00eb, Republika \u00c7eke.<\/li>\n<li>Sterjo Papuli &#8211; Master i Diplomacis\u00eb Ekonomike n\u00eb Akademin\u00eb Ekonomike n\u00eb Bukuresht, Rumani dhe ish praktikant n\u00eb Ambasad\u00ebn e Republik\u00ebs s\u00eb Maqedonis\u00eb n\u00eb Bukuresht.<\/li>\n<li>Kristijan Micevski &#8211; Politolog n\u00eb politik\u00ebn globale dhe amerikane n\u00eb Universitetin e Londr\u00ebs, p\u00ebrfaq\u00ebsues i sektorit t\u00eb biznesit n\u00eb Mbret\u00ebrin\u00eb e Bashkuar<\/li>\n<\/ol>\n<p>Moderator:<\/p>\n<p>Stefan Vasilevski, moderator me p\u00ebrvoj\u00eb shum\u00ebvje\u00e7are n\u00eb fush\u00ebn e politik\u00ebb\u00ebrjes n\u00eb sektorin e rinis\u00eb, sh\u00ebndet\u00ebsis\u00eb dhe marr\u00ebdh\u00ebnieve nd\u00ebrkomb\u00ebtare<\/p>\n<p>*Aktiviteti do t\u00eb organizohet sipas t\u00eb gjitha protokolleve dhe kufizimeve p\u00ebr mbrojtjen dhe sigurin\u00eb nga Covid 19 dhe do t\u00eb jet\u00eb i destinuar p\u00ebr nj\u00eb audienc\u00eb prej 25 personash.<\/p>\n<p>** Gjuha e pun\u00ebs n\u00eb tryez\u00ebn e rrumbullak\u00ebt do t\u00eb jet\u00eb gjuha maqedone.<\/p>","protected":false},"featured_media":2360,"template":"","event_category":[11],"class_list":["post-2338","nyevents","type-nyevents","status-publish","has-post-thumbnail","hentry","event_category-community-mobilizers"],"acf":[],"_links":{"self":[{"href":"https:\/\/electoralsupportprogramme.mk\/sq\/wp-json\/wp\/v2\/nyevents\/2338"}],"collection":[{"href":"https:\/\/electoralsupportprogramme.mk\/sq\/wp-json\/wp\/v2\/nyevents"}],"about":[{"href":"https:\/\/electoralsupportprogramme.mk\/sq\/wp-json\/wp\/v2\/types\/nyevents"}],"wp:featuredmedia":[{"embeddable":true,"href":"https:\/\/electoralsupportprogramme.mk\/sq\/wp-json\/wp\/v2\/media\/2360"}],"wp:attachment":[{"href":"https:\/\/electoralsupportprogramme.mk\/sq\/wp-json\/wp\/v2\/media?parent=2338"}],"wp:term":[{"taxonomy":"event_category","embeddable":true,"href":"https:\/\/electoralsupportprogramme.mk\/sq\/wp-json\/wp\/v2\/event_category?post=2338"}],"curies":[{"name":"wp","href":"https:\/\/api.w.org\/{rel}","templated":true}]}}