{"id":2335,"date":"2021-11-09T09:02:15","date_gmt":"2021-11-09T09:02:15","guid":{"rendered":"https:\/\/electoralsupportprogramme.mk\/?post_type=nyevents&#038;p=2335"},"modified":"2021-11-10T09:01:35","modified_gmt":"2021-11-10T09:01:35","slug":"%d0%bf%d0%b0%d0%bd%d0%b5%d0%bb-%d0%b4%d0%b8%d1%81%d0%ba%d1%83%d1%81%d0%b8%d1%98%d0%b0-%d0%b4%d0%b8%d0%b3%d0%b8%d1%82%d0%b0%d0%bb%d0%bd%d0%b8-%d0%b0%d0%bc%d0%b1%d0%b0%d1%81%d0%b0%d0%b4%d0%b8-%d0%b7","status":"publish","type":"nyevents","link":"https:\/\/electoralsupportprogramme.mk\/sq\/nyevents\/%d0%bf%d0%b0%d0%bd%d0%b5%d0%bb-%d0%b4%d0%b8%d1%81%d0%ba%d1%83%d1%81%d0%b8%d1%98%d0%b0-%d0%b4%d0%b8%d0%b3%d0%b8%d1%82%d0%b0%d0%bb%d0%bd%d0%b8-%d0%b0%d0%bc%d0%b1%d0%b0%d1%81%d0%b0%d0%b4%d0%b8-%d0%b7\/","title":{"rendered":"Tryez\u00eb e rrumbullak\u00ebt: Ambasada digjitale p\u00ebr qytetar\u00eb maqedonas m\u00eb t\u00eb sigurt\u00eb jasht\u00eb vendit"},"content":{"rendered":"<p>M\u00eb 10 n\u00ebntor, mobilizatori i komunitetit Viktor Jakimovski do t\u00eb organizoj\u00eb nj\u00eb tryez\u00eb t\u00eb rrumbullak\u00ebt me tem\u00eb Ambasada dixhitale p\u00ebr qytetar\u00eb maqedonas m\u00eb t\u00eb sigurt jasht\u00eb vendit, kushtuar zb\u00ebrthimit t\u00eb procesit t\u00eb dixhitalizimit t\u00eb sh\u00ebrbimeve t\u00eb ofruara nga zyrat diplomatike-konsullore p\u00ebr t\u00eb p\u00ebrmir\u00ebsuar procedurat p\u00ebr marrjen e dokumentacionit t\u00eb r\u00ebnd\u00ebsish\u00ebm.<\/p>\n<p>N\u00eb pritje t\u00eb ngjarjes, shikoni video-prezantimin e Viktorit <a href=\"https:\/\/www.youtube.com\/watch?v=ruRTGhVpR7M\">k\u00ebtu<\/a>.<\/p>\n<p>Rendi i dit\u00ebs p\u00ebr k\u00ebt\u00eb ngjarje \u00ebsht\u00eb si m\u00eb posht\u00eb:<\/p>\n<p>11:00 \u2013 11:15 &#8211; Hapja e tryez\u00ebs, prezantimi i iniciativ\u00ebs: Viktor Jakimovski, mobilizator i komunitetit dhe zbatues i iniciativ\u00ebs.<\/p>\n<p>11:15 \u2013 11:35 &#8211; P\u00ebrvojat dhe v\u00ebshtir\u00ebsit\u00eb me t\u00eb cilat ballafaqohen qytetar\u00ebt maqedonas q\u00eb kan\u00eb nevoj\u00eb p\u00ebr nj\u00eb sh\u00ebrbim t\u00eb caktuar nga Ambasada e Maqedonis\u00eb: Andrej Nikolovski, ish praktikant n\u00eb Ambasad\u00ebn e Maqedonis\u00eb n\u00eb Lond\u00ebr, President i MUNA<\/p>\n<p>11:35 \u2013 12:05 &#8211; Eksperienca praktike dhe menaxhimi i nj\u00eb ambasade; Rekomandime p\u00ebr praktikat dhe sh\u00ebrbimet n\u00eb t\u00eb cilat \u00ebsht\u00eb i mundur p\u00ebrmir\u00ebsimi: Prof. Dr. Vasko Naumovski, Ish Ambasador i Maqedonis\u00eb n\u00eb SHBA<\/p>\n<p>12:00 \u2013 12:30 &#8211; Deri ku \u00ebsht\u00eb procesi i digjitalizimit t\u00eb VKM-ve t\u00eb Maqedonis\u00eb dhe \u00e7far\u00eb do t\u00eb mbulohet: P\u00ebrfaq\u00ebsues nga MPJ i njohur me procesin e dixhitalizimit t\u00eb VKM-ve<\/p>\n<p>12:30 \u2013 13:00 &#8211; Pyetje dhe diskutim<\/p>\n<p>13:00 \u2013 13:10 \u2013 Mbyllja e eventit<\/p>\n<p>13:10 \u2013 14:00 &#8211; Pije freskuese<\/p>","protected":false},"featured_media":2337,"template":"","event_category":[11],"class_list":["post-2335","nyevents","type-nyevents","status-publish","has-post-thumbnail","hentry","event_category-community-mobilizers"],"acf":[],"_links":{"self":[{"href":"https:\/\/electoralsupportprogramme.mk\/sq\/wp-json\/wp\/v2\/nyevents\/2335"}],"collection":[{"href":"https:\/\/electoralsupportprogramme.mk\/sq\/wp-json\/wp\/v2\/nyevents"}],"about":[{"href":"https:\/\/electoralsupportprogramme.mk\/sq\/wp-json\/wp\/v2\/types\/nyevents"}],"wp:featuredmedia":[{"embeddable":true,"href":"https:\/\/electoralsupportprogramme.mk\/sq\/wp-json\/wp\/v2\/media\/2337"}],"wp:attachment":[{"href":"https:\/\/electoralsupportprogramme.mk\/sq\/wp-json\/wp\/v2\/media?parent=2335"}],"wp:term":[{"taxonomy":"event_category","embeddable":true,"href":"https:\/\/electoralsupportprogramme.mk\/sq\/wp-json\/wp\/v2\/event_category?post=2335"}],"curies":[{"name":"wp","href":"https:\/\/api.w.org\/{rel}","templated":true}]}}