{"id":7154,"date":"2025-09-19T14:47:42","date_gmt":"2025-09-19T14:47:42","guid":{"rendered":"https:\/\/electoralsupportprogramme.mk\/?post_type=initiatives2025&#038;p=7154"},"modified":"2026-03-23T13:01:04","modified_gmt":"2026-03-23T13:01:04","slug":"%d0%b7%d1%80%d0%b0%d0%ba-%d0%bd%d0%b0%d0%b4%d0%b5%d0%b6-%d0%b4%d0%bd%d0%b5%d0%b2%d0%b5%d0%bd-%d1%86%d0%b5%d0%bd%d1%82%d0%b0%d1%80-%d0%b7%d0%b0-%d1%80%d0%b5%d1%85%d0%b0%d0%b1%d0%b8%d0%bb","status":"publish","type":"initiatives2025","link":"https:\/\/electoralsupportprogramme.mk\/sq\/initiatives2025\/%d0%b7%d1%80%d0%b0%d0%ba-%d0%bd%d0%b0%d0%b4%d0%b5%d0%b6-%d0%b4%d0%bd%d0%b5%d0%b2%d0%b5%d0%bd-%d1%86%d0%b5%d0%bd%d1%82%d0%b0%d1%80-%d0%b7%d0%b0-%d1%80%d0%b5%d1%85%d0%b0%d0%b1%d0%b8%d0%bb\/","title":{"rendered":"Rreze shprese &#8211; Qendra ditore e rehabilitimit t\u00eb f\u00ebmij\u00ebve me spekt\u00ebr autizmi"},"content":{"rendered":"<p><span data-sheets-root=\"1\">N\u00eb Komun\u00ebn e K\u00ebr\u00e7ov\u00ebs, f\u00ebmij\u00ebt me autiz\u00ebm dhe familjet e tyre nuk kan\u00eb qasje n\u00eb sh\u00ebrbime t\u00eb specializuara lokale si\u00e7 jan\u00eb nd\u00ebrhyrja e hershme, terapia, mb\u00ebshtetja arsimore dhe k\u00ebshillimi psikosocial. Aktualisht, familjet duhet t\u00eb udh\u00ebtojn\u00eb n\u00eb Shkup, Manastir ose Oh\u00ebr, duke shkaktuar shpenzime t\u00eb larta dhe tendosje emocionale. Ky boshll\u00ebk n\u00eb sh\u00ebrbime pengon zhvillimin e f\u00ebmij\u00ebve dhe kontribuon n\u00eb p\u00ebrjashtimin social dhe lodhjen e prind\u00ebrve.<\/span><\/p>\n<p>Asnj\u00eb p\u00ebrpjekje e koordinuar komunale nuk ekziston p\u00ebr t&#8217;i adresuar k\u00ebto nevoja dhe \u00e7\u00ebshtjes i mungon dukshm\u00ebria dhe planifikimi. Kjo iniciativ\u00eb synon t\u00eb hedh\u00eb themelet p\u00ebr nj\u00eb Qend\u00ebr t\u00eb mb\u00ebshtetjes s\u00eb autizmit n\u00eb K\u00ebr\u00e7ov\u00eb. P\u00ebrmes anketave, grupeve t\u00eb fokusit t\u00eb ekspert\u00ebve, konsultimeve me pal\u00ebt e interesuara, vler\u00ebsimeve n\u00eb terren dhe kontributit arkitektonik, ajo do t\u00eb zhvilloj\u00eb nj\u00eb koncept praktik dhe t\u00eb q\u00ebndruesh\u00ebm. Nj\u00eb plan vizual, udh\u00ebrr\u00ebfyes veprimi dhe fushat\u00eb p\u00ebr vet\u00ebdij\u00ebsim do t\u00eb nd\u00ebrtojn\u00eb mb\u00ebshtetje p\u00ebr komunitetin.<\/p>\n<p>Rezultati i pritur \u00ebsht\u00eb nj\u00eb propozim konkret p\u00ebr t\u00eb siguruar mb\u00ebshtetje dhe financim institucional, duke avancuar mb\u00ebshtetjen gjith\u00ebp\u00ebrfshir\u00ebse dhe t\u00eb barabart\u00eb p\u00ebr f\u00ebmij\u00ebt me autiz\u00ebm n\u00eb K\u00ebr\u00e7ov\u00eb.<\/p>","protected":false},"featured_media":0,"template":"","municipality2022":[289],"class_list":["post-7154","initiatives2025","type-initiatives2025","status-publish","hentry","municipality2022-kicevo"],"acf":[],"_links":{"self":[{"href":"https:\/\/electoralsupportprogramme.mk\/sq\/wp-json\/wp\/v2\/initiatives2025\/7154"}],"collection":[{"href":"https:\/\/electoralsupportprogramme.mk\/sq\/wp-json\/wp\/v2\/initiatives2025"}],"about":[{"href":"https:\/\/electoralsupportprogramme.mk\/sq\/wp-json\/wp\/v2\/types\/initiatives2025"}],"wp:attachment":[{"href":"https:\/\/electoralsupportprogramme.mk\/sq\/wp-json\/wp\/v2\/media?parent=7154"}],"wp:term":[{"taxonomy":"municipality2022","embeddable":true,"href":"https:\/\/electoralsupportprogramme.mk\/sq\/wp-json\/wp\/v2\/municipality2022?post=7154"}],"curies":[{"name":"wp","href":"https:\/\/api.w.org\/{rel}","templated":true}]}}