{"id":7079,"date":"2025-07-05T17:52:44","date_gmt":"2025-07-05T17:52:44","guid":{"rendered":"https:\/\/electoralsupportprogramme.mk\/?post_type=initiatives2025&#038;p=7079"},"modified":"2026-03-23T13:10:50","modified_gmt":"2026-03-23T13:10:50","slug":"%d0%bf%d1%80%d0%be%d1%81%d1%82%d0%be%d1%80-%d0%b7%d0%b0-%d1%81%d0%b8%d1%82%d0%b5-%d0%bd%d0%be%d0%b2%d0%b8-%d1%80%d0%b5%d1%88%d0%b5%d0%bd%d0%b8%d1%98%d0%b0-%d0%b7%d0%b0-%d0%bf%d0%b0%d1%80%d0%ba%d0%b8","status":"publish","type":"initiatives2025","link":"https:\/\/electoralsupportprogramme.mk\/sq\/initiatives2025\/%d0%bf%d1%80%d0%be%d1%81%d1%82%d0%be%d1%80-%d0%b7%d0%b0-%d1%81%d0%b8%d1%82%d0%b5-%d0%bd%d0%be%d0%b2%d0%b8-%d1%80%d0%b5%d1%88%d0%b5%d0%bd%d0%b8%d1%98%d0%b0-%d0%b7%d0%b0-%d0%bf%d0%b0%d1%80%d0%ba%d0%b8\/","title":{"rendered":"Hap\u00ebsir\u00eb p\u00ebr t\u00eb gjith\u00eb: Krijimi i zgjidhjeve t\u00eb reja t\u00eb parkimit n\u00eb Dib\u00ebr"},"content":{"rendered":"<p>Dibra po p\u00ebrballet me nj\u00eb problem t\u00eb p\u00ebrshkall\u00ebzuar t\u00eb l\u00ebvizshm\u00ebris\u00eb urbane t\u00eb shkaktuar nga mungesa serioze e hap\u00ebsirave t\u00eb parkimit, ve\u00e7an\u00ebrisht n\u00eb zonat qendrore. Kjo \u00e7on n\u00eb parkim t\u00eb paligjsh\u00ebm n\u00eb trotuare dhe hap\u00ebsira t\u00eb gjelbra, duke krijuar bllokime t\u00eb qarkullimit rrugor dhe rreziqe sigurie p\u00ebr k\u00ebmb\u00ebsor\u00ebt. Ky problem d\u00ebmton jet\u00ebn e p\u00ebrditshme dhe prek si banor\u00ebt ashtu edhe bizneset lokale.Kjo iniciativ\u00eb k\u00ebrkon ta adresoj\u00eb k\u00ebt\u00eb sfid\u00eb p\u00ebrmes hulumtimeve t\u00eb detajuara lokale, anketave t\u00eb qytetar\u00ebve dhe konsultimeve t\u00eb ekspert\u00ebve. Ajo do t\u00eb vler\u00ebsoj\u00eb kapacitetin aktual t\u00eb parkimit, do t\u00eb identifikoj\u00eb modelet e paligjshme t\u00eb parkimit dhe do t\u00eb vler\u00ebsoj\u00eb nevojat e komunitetit. Duke u bazuar n\u00eb k\u00ebto t\u00eb dh\u00ebna, ekipi do t\u00eb zhvilloj\u00eb zgjidhje realiste afatshkurtra dhe afatgjata me plane financiare dhe logjistike.P\u00ebr t\u00eb angazhuar publikun, iniciativa p\u00ebrfshin nj\u00eb video t\u00eb shkurt\u00ebr dhe diskutime t\u00eb hapura n\u00eb komunitet. Produkti p\u00ebrfundimtar do t\u00eb jet\u00eb nj\u00eb propozim i drejtuar nga t\u00eb dh\u00ebnat, i projektuar p\u00ebr t\u00eb udh\u00ebhequr autoritetet politike dhe lokale drejt p\u00ebrmir\u00ebsimeve praktike n\u00eb l\u00ebvizshm\u00ebrin\u00eb urbane dhe cil\u00ebsin\u00eb e jet\u00ebs n\u00eb Dib\u00ebr.<\/p>","protected":false},"featured_media":0,"template":"","municipality2022":[275],"class_list":["post-7079","initiatives2025","type-initiatives2025","status-publish","hentry","municipality2022-debar"],"acf":[],"_links":{"self":[{"href":"https:\/\/electoralsupportprogramme.mk\/sq\/wp-json\/wp\/v2\/initiatives2025\/7079"}],"collection":[{"href":"https:\/\/electoralsupportprogramme.mk\/sq\/wp-json\/wp\/v2\/initiatives2025"}],"about":[{"href":"https:\/\/electoralsupportprogramme.mk\/sq\/wp-json\/wp\/v2\/types\/initiatives2025"}],"wp:attachment":[{"href":"https:\/\/electoralsupportprogramme.mk\/sq\/wp-json\/wp\/v2\/media?parent=7079"}],"wp:term":[{"taxonomy":"municipality2022","embeddable":true,"href":"https:\/\/electoralsupportprogramme.mk\/sq\/wp-json\/wp\/v2\/municipality2022?post=7079"}],"curies":[{"name":"wp","href":"https:\/\/api.w.org\/{rel}","templated":true}]}}